{"id":6716,"date":"2021-04-08T13:34:54","date_gmt":"2021-04-08T13:34:54","guid":{"rendered":"https:\/\/www.backwash-surfcamp.de\/faq\/"},"modified":"2025-01-08T09:16:08","modified_gmt":"2025-01-08T09:16:08","slug":"faq","status":"publish","type":"page","link":"https:\/\/www.backwash-surfcamp.de\/fr\/faq\/","title":{"rendered":"FAQ"},"content":{"rendered":"<div id=\"pl-6716\"  class=\"panel-layout\" ><div id=\"pg-6716-0\"  class=\"panel-grid panel-no-style\" ><div id=\"pgc-6716-0-0\"  class=\"panel-grid-cell\" ><div id=\"panel-6716-0-0-0\" class=\"so-panel widget widget_the-editor panel-first-child\" data-index=\"0\" ><div\n\t\t\t\n\t\t\tclass=\"so-widget-the-editor so-widget-the-editor-base\"\n\t\t\t\n\t\t><div class=\"text-widget \">\n\t<h2>Backwash - Questions fr\u00e9quentes (FAQ)<\/h2>\n<\/div>\n<\/div><\/div><div id=\"panel-6716-0-0-1\" class=\"so-panel widget widget_sow-accordion\" data-index=\"1\" ><div\n\t\t\t\n\t\t\tclass=\"so-widget-sow-accordion so-widget-sow-accordion-default-9aa0b1349097-6716\"\n\t\t\t\n\t\t><div>\n\t<div class=\"sow-accordion\">\n\t\t\t<div class=\"sow-accordion-panel\"\n\t\t\t data-anchor-id=\"ou-se-trouve-backwash\">\n\t\t\t\t<div class=\"sow-accordion-panel-header-container\" role=\"heading\" aria-level=\"2\">\n\t\t\t\t\t<div class=\"sow-accordion-panel-header\" tabindex=\"0\" role=\"button\" id=\"accordion-label-o%c3%b9-se-trouve-backwash\" aria-controls=\"accordion-content-o%c3%b9-se-trouve-backwash\" aria-expanded=\"false\">\n\t\t\t\t\t\t<div class=\"sow-accordion-title sow-accordion-title-icon-left\">\n\t\t\t\t\t\t\t\t\t\t\t\t\t\tO\u00f9 se trouve Backwash?\t\t\t\t\t\t\t\t\t\t\t\t\t<\/div>\n\t\t\t\t\t\t<div class=\"sow-accordion-open-close-button\">\n\t\t\t\t\t\t\t<div class=\"sow-accordion-open-button\">\n\t\t\t\t\t\t\t\t<span class=\"sow-icon-ionicons\" data-sow-icon=\"&#xf218;\"\n\t\t \n\t\taria-hidden=\"true\"><\/span>\t\t\t\t\t\t\t<\/div>\n\t\t\t\t\t\t\t<div class=\"sow-accordion-close-button\">\n\t\t\t\t\t\t\t\t<span class=\"sow-icon-ionicons\" data-sow-icon=\"&#xf209;\"\n\t\t \n\t\taria-hidden=\"true\"><\/span>\t\t\t\t\t\t\t<\/div>\n\t\t\t\t\t\t<\/div>\n\t\t\t\t\t<\/div>\n\t\t\t\t<\/div>\n\n\t\t\t<div\n\t\t\t\tclass=\"sow-accordion-panel-content\"\n\t\t\t\trole=\"region\"\n\t\t\t\taria-labelledby=\"accordion-label-o%c3%b9-se-trouve-backwash\"\n\t\t\t\tid=\"accordion-content-o%c3%b9-se-trouve-backwash\"\n\t\t\t\tstyle=\"display: none;\"\t\t\t>\n\t\t\t\t<div class=\"sow-accordion-panel-border\">\n\t\t\t\t\t<p>Nous sommes install\u00e9s depuis environ 20 ans au c\u0153ur du camping Sandaya Le Truc Vert, situ\u00e9 sur la presqu\u2019\u00eele de L\u00e8ge-Cap Ferret. Notre station se trouve \u00e0 peu pr\u00e8s au centre du camping : passez devant le restaurant et le supermarch\u00e9, puis suivez le chemin qui monte la colline. Si vous ne parvenez pas \u00e0 nous trouver, demandez \u00e0 la r\u00e9ception du camping ou appelez-nous.<\/p>\n<p>Voir sur <a href=\"https:\/\/www.google.com\/maps\/place\/Backwash+Surfing+Company+-+Surf+School\/@44.7152915,-1.2446371,17z\/data=!3m1!4b1!4m6!3m5!1s0xd535fb70cc73083:0xf0a09eb612c84b98!8m2!3d44.7152877!4d-1.2420622!16s%2Fg%2F11c7lm54zb?entry=ttu\" target=\"_blank\" rel=\"noopener\">google maps<\/a><\/p>\n<p>&nbsp;<\/p>\n\t\t\t\t<\/div>\n\t\t\t<\/div>\n\t\t<\/div>\n\t\t\t<div class=\"sow-accordion-panel\"\n\t\t\t data-anchor-id=\"quelles-activites-sont-proposees-chez-backwash\">\n\t\t\t\t<div class=\"sow-accordion-panel-header-container\" role=\"heading\" aria-level=\"2\">\n\t\t\t\t\t<div class=\"sow-accordion-panel-header\" tabindex=\"0\" role=\"button\" id=\"accordion-label-quelles-activit%c3%a9s-sont-propos%c3%a9es-chez-backwash\" aria-controls=\"accordion-content-quelles-activit%c3%a9s-sont-propos%c3%a9es-chez-backwash\" aria-expanded=\"false\">\n\t\t\t\t\t\t<div class=\"sow-accordion-title sow-accordion-title-icon-left\">\n\t\t\t\t\t\t\t\t\t\t\t\t\t\tQuelles activit\u00e9s sont propos\u00e9es chez Backwash ?\t\t\t\t\t\t\t\t\t\t\t\t\t<\/div>\n\t\t\t\t\t\t<div class=\"sow-accordion-open-close-button\">\n\t\t\t\t\t\t\t<div class=\"sow-accordion-open-button\">\n\t\t\t\t\t\t\t\t<span class=\"sow-icon-ionicons\" data-sow-icon=\"&#xf218;\"\n\t\t \n\t\taria-hidden=\"true\"><\/span>\t\t\t\t\t\t\t<\/div>\n\t\t\t\t\t\t\t<div class=\"sow-accordion-close-button\">\n\t\t\t\t\t\t\t\t<span class=\"sow-icon-ionicons\" data-sow-icon=\"&#xf209;\"\n\t\t \n\t\taria-hidden=\"true\"><\/span>\t\t\t\t\t\t\t<\/div>\n\t\t\t\t\t\t<\/div>\n\t\t\t\t\t<\/div>\n\t\t\t\t<\/div>\n\n\t\t\t<div\n\t\t\t\tclass=\"sow-accordion-panel-content\"\n\t\t\t\trole=\"region\"\n\t\t\t\taria-labelledby=\"accordion-label-quelles-activit%c3%a9s-sont-propos%c3%a9es-chez-backwash\"\n\t\t\t\tid=\"accordion-content-quelles-activit%c3%a9s-sont-propos%c3%a9es-chez-backwash\"\n\t\t\t\tstyle=\"display: none;\"\t\t\t>\n\t\t\t\t<div class=\"sow-accordion-panel-border\">\n\t\t\t\t\t<p>Nous proposons :<\/p>\n<ul>\n<li>Des cours de surf (en petits groupes) pour tous les niveaux, en allemand et en anglais<\/li>\n<li>La location de mat\u00e9riel de surf (planches de surf, combinaisons en n\u00e9opr\u00e8ne, SUP, bodyboards, etc.)<\/li>\n<li>Des cours particuliers\/coachings priv\u00e9s : coaching individuel ou en petits groupes, pour tous les niveaux, avec possibilit\u00e9 de coaching sp\u00e9cial longboard \u2013 n'h\u00e9sitez pas \u00e0 demander<\/li>\n<li>Une petite boutique avec nos hoodies tr\u00e8s appr\u00e9ci\u00e9s<\/li>\n<li>Une ambiance conviviale et chaleureuse, avec des gens sympathiques \u2013 passez toujours nous voir pour discuter des vagues<\/li>\n<\/ul>\n\t\t\t\t<\/div>\n\t\t\t<\/div>\n\t\t<\/div>\n\t\t\t<div class=\"sow-accordion-panel\"\n\t\t\t data-anchor-id=\"dans-quelle-langue-se-deroulent-les-cours-de-surf\">\n\t\t\t\t<div class=\"sow-accordion-panel-header-container\" role=\"heading\" aria-level=\"2\">\n\t\t\t\t\t<div class=\"sow-accordion-panel-header\" tabindex=\"0\" role=\"button\" id=\"accordion-label-dans-quelle-langue-se-d%c3%a9roulent-les-cours-de-surf\" aria-controls=\"accordion-content-dans-quelle-langue-se-d%c3%a9roulent-les-cours-de-surf\" aria-expanded=\"false\">\n\t\t\t\t\t\t<div class=\"sow-accordion-title sow-accordion-title-icon-left\">\n\t\t\t\t\t\t\t\t\t\t\t\t\t\tDans quelle langue se d\u00e9roulent les cours de surf?\t\t\t\t\t\t\t\t\t\t\t\t\t<\/div>\n\t\t\t\t\t\t<div class=\"sow-accordion-open-close-button\">\n\t\t\t\t\t\t\t<div class=\"sow-accordion-open-button\">\n\t\t\t\t\t\t\t\t<span class=\"sow-icon-ionicons\" data-sow-icon=\"&#xf218;\"\n\t\t \n\t\taria-hidden=\"true\"><\/span>\t\t\t\t\t\t\t<\/div>\n\t\t\t\t\t\t\t<div class=\"sow-accordion-close-button\">\n\t\t\t\t\t\t\t\t<span class=\"sow-icon-ionicons\" data-sow-icon=\"&#xf209;\"\n\t\t \n\t\taria-hidden=\"true\"><\/span>\t\t\t\t\t\t\t<\/div>\n\t\t\t\t\t\t<\/div>\n\t\t\t\t\t<\/div>\n\t\t\t\t<\/div>\n\n\t\t\t<div\n\t\t\t\tclass=\"sow-accordion-panel-content\"\n\t\t\t\trole=\"region\"\n\t\t\t\taria-labelledby=\"accordion-label-dans-quelle-langue-se-d%c3%a9roulent-les-cours-de-surf\"\n\t\t\t\tid=\"accordion-content-dans-quelle-langue-se-d%c3%a9roulent-les-cours-de-surf\"\n\t\t\t\tstyle=\"display: none;\"\t\t\t>\n\t\t\t\t<div class=\"sow-accordion-panel-border\">\n\t\t\t\t\t<p>Nos cours sont donn\u00e9s en allemand, fran\u00e7ais, anglais et, selon les disponibilit\u00e9s, dans d\u2019autres langues.<\/p>\n\t\t\t\t<\/div>\n\t\t\t<\/div>\n\t\t<\/div>\n\t\t\t<div class=\"sow-accordion-panel\"\n\t\t\t data-anchor-id=\"quelles-sont-les-conditions-de-participation\">\n\t\t\t\t<div class=\"sow-accordion-panel-header-container\" role=\"heading\" aria-level=\"2\">\n\t\t\t\t\t<div class=\"sow-accordion-panel-header\" tabindex=\"0\" role=\"button\" id=\"accordion-label-quelles-sont-les-conditions-de-participation\" aria-controls=\"accordion-content-quelles-sont-les-conditions-de-participation\" aria-expanded=\"false\">\n\t\t\t\t\t\t<div class=\"sow-accordion-title sow-accordion-title-icon-left\">\n\t\t\t\t\t\t\t\t\t\t\t\t\t\tQuelles sont les conditions de participation?\t\t\t\t\t\t\t\t\t\t\t\t\t<\/div>\n\t\t\t\t\t\t<div class=\"sow-accordion-open-close-button\">\n\t\t\t\t\t\t\t<div class=\"sow-accordion-open-button\">\n\t\t\t\t\t\t\t\t<span class=\"sow-icon-ionicons\" data-sow-icon=\"&#xf218;\"\n\t\t \n\t\taria-hidden=\"true\"><\/span>\t\t\t\t\t\t\t<\/div>\n\t\t\t\t\t\t\t<div class=\"sow-accordion-close-button\">\n\t\t\t\t\t\t\t\t<span class=\"sow-icon-ionicons\" data-sow-icon=\"&#xf209;\"\n\t\t \n\t\taria-hidden=\"true\"><\/span>\t\t\t\t\t\t\t<\/div>\n\t\t\t\t\t\t<\/div>\n\t\t\t\t\t<\/div>\n\t\t\t\t<\/div>\n\n\t\t\t<div\n\t\t\t\tclass=\"sow-accordion-panel-content\"\n\t\t\t\trole=\"region\"\n\t\t\t\taria-labelledby=\"accordion-label-quelles-sont-les-conditions-de-participation\"\n\t\t\t\tid=\"accordion-content-quelles-sont-les-conditions-de-participation\"\n\t\t\t\tstyle=\"display: none;\"\t\t\t>\n\t\t\t\t<div class=\"sow-accordion-panel-border\">\n\t\t\t\t\t<p>Le surf impose des exigences particuli\u00e8res \u00e0 la condition physique. Pour participer \u00e0 nos cours de surf, nous exigeons une capacit\u00e9 \u00e0 nager et une condition physique adapt\u00e9e.Les participants confirment qu\u2019il n\u2019existe aucune restriction m\u00e9dicale emp\u00eachant la pratique du surf. Les d\u00e9tails m\u00e9dicaux pertinents (par exemple, allergies, handicaps, blessures aux \u00e9paules ou aux genoux) doivent \u00eatre communiqu\u00e9s avant le d\u00e9but du cours.<\/p>\n<p>Et surtout : de la curiosit\u00e9 et de la motivation \u2013 le surf, c\u2019est avant tout du plaisir \u00a0\ud83d\ude42<\/p>\n\t\t\t\t<\/div>\n\t\t\t<\/div>\n\t\t<\/div>\n\t\t\t<div class=\"sow-accordion-panel\"\n\t\t\t data-anchor-id=\"quel-age-doit-avoir-mon-enfant-pour-participer\">\n\t\t\t\t<div class=\"sow-accordion-panel-header-container\" role=\"heading\" aria-level=\"2\">\n\t\t\t\t\t<div class=\"sow-accordion-panel-header\" tabindex=\"0\" role=\"button\" id=\"accordion-label-quel-%c3%a2ge-doit-avoir-mon-enfant-pour-participer\" aria-controls=\"accordion-content-quel-%c3%a2ge-doit-avoir-mon-enfant-pour-participer\" aria-expanded=\"false\">\n\t\t\t\t\t\t<div class=\"sow-accordion-title sow-accordion-title-icon-left\">\n\t\t\t\t\t\t\t\t\t\t\t\t\t\tQuel \u00e2ge doit avoir mon enfant pour participer?\t\t\t\t\t\t\t\t\t\t\t\t\t<\/div>\n\t\t\t\t\t\t<div class=\"sow-accordion-open-close-button\">\n\t\t\t\t\t\t\t<div class=\"sow-accordion-open-button\">\n\t\t\t\t\t\t\t\t<span class=\"sow-icon-ionicons\" data-sow-icon=\"&#xf218;\"\n\t\t \n\t\taria-hidden=\"true\"><\/span>\t\t\t\t\t\t\t<\/div>\n\t\t\t\t\t\t\t<div class=\"sow-accordion-close-button\">\n\t\t\t\t\t\t\t\t<span class=\"sow-icon-ionicons\" data-sow-icon=\"&#xf209;\"\n\t\t \n\t\taria-hidden=\"true\"><\/span>\t\t\t\t\t\t\t<\/div>\n\t\t\t\t\t\t<\/div>\n\t\t\t\t\t<\/div>\n\t\t\t\t<\/div>\n\n\t\t\t<div\n\t\t\t\tclass=\"sow-accordion-panel-content\"\n\t\t\t\trole=\"region\"\n\t\t\t\taria-labelledby=\"accordion-label-quel-%c3%a2ge-doit-avoir-mon-enfant-pour-participer\"\n\t\t\t\tid=\"accordion-content-quel-%c3%a2ge-doit-avoir-mon-enfant-pour-participer\"\n\t\t\t\tstyle=\"display: none;\"\t\t\t>\n\t\t\t\t<div class=\"sow-accordion-panel-border\">\n\t\t\t\t\t<p>L\u2019\u00e2ge n\u2019est pas le crit\u00e8re d\u00e9terminant. Ce qui compte, c\u2019est que l\u2019enfant sache bien nager et qu\u2019il soit tr\u00e8s motiv\u00e9. Nous avons d\u00e9j\u00e0 accueilli des enfants de 5 ans qui ont suivi un stage intensif de 5 jours avec facilit\u00e9. D\u2019autres, \u00e2g\u00e9s de 14 ans, ont perdu leur enthousiasme rien qu\u2019en portant la planche. C\u2019est pourquoi nous demandons toujours aux enfants s\u2019ils sont motiv\u00e9s. Vous connaissez vos enfants mieux que quiconque, mais nous sommes bien s\u00fbr \u00e0 votre disposition pour vous aider \u00e0 \u00e9valuer leur aptitude.<\/p>\n<p>\u00c0 titre indicatif : En moyenne, nos plus jeunes participants ont entre 6 et 7 ans. Pendant la haute saison, nous proposons g\u00e9n\u00e9ralement des cours uniquement pour enfants, si la demande est suffisante. Selon l\u2019\u00e2ge, les aptitudes physiques et la motivation, le choix du cours peut varier. Beaucoup d\u2019enfants commencent par un cours de base (plus d\u2019informations sur nos cours).<\/p>\n<p>Remarque : Les mineurs doivent avoir une autorisation parentale. Celle-ci peut \u00eatre remplie sur place avant le d\u00e9but du cours. Si vos enfants sont presque de jeunes adultes et viennent seuls, merci de leur fournir une autorisation et de nous contacter \u00e0 l\u2019avance.Pour les jeunes enfants, nous vous recommandons de les accompagner au cours. En dehors des heures de cours, nous ne proposons pas de surveillance. En outre, tout le monde appr\u00e9ciera des photos souvenirs ou un bon sandwich lorsqu\u2019un petit creux se fait sentir apr\u00e8s le surf. Vous pouvez \u00e9galement venir avec toute la famille, installer votre campement sur la plage et profiter ensemble de ce moment.<\/p>\n\t\t\t\t<\/div>\n\t\t\t<\/div>\n\t\t<\/div>\n\t\t\t<div class=\"sow-accordion-panel\"\n\t\t\t data-anchor-id=\"le-dilemme-du-choix-quel-cours-de-surf-est-fait-pour-moi\">\n\t\t\t\t<div class=\"sow-accordion-panel-header-container\" role=\"heading\" aria-level=\"2\">\n\t\t\t\t\t<div class=\"sow-accordion-panel-header\" tabindex=\"0\" role=\"button\" id=\"accordion-label-le-dilemme-du-choix-quel-cours-de-surf-est-fait-pour-moi\" aria-controls=\"accordion-content-le-dilemme-du-choix-quel-cours-de-surf-est-fait-pour-moi\" aria-expanded=\"false\">\n\t\t\t\t\t\t<div class=\"sow-accordion-title sow-accordion-title-icon-left\">\n\t\t\t\t\t\t\t\t\t\t\t\t\t\tLe dilemme du choix : quel cours de surf est fait pour moi?\t\t\t\t\t\t\t\t\t\t\t\t\t<\/div>\n\t\t\t\t\t\t<div class=\"sow-accordion-open-close-button\">\n\t\t\t\t\t\t\t<div class=\"sow-accordion-open-button\">\n\t\t\t\t\t\t\t\t<span class=\"sow-icon-ionicons\" data-sow-icon=\"&#xf218;\"\n\t\t \n\t\taria-hidden=\"true\"><\/span>\t\t\t\t\t\t\t<\/div>\n\t\t\t\t\t\t\t<div class=\"sow-accordion-close-button\">\n\t\t\t\t\t\t\t\t<span class=\"sow-icon-ionicons\" data-sow-icon=\"&#xf209;\"\n\t\t \n\t\taria-hidden=\"true\"><\/span>\t\t\t\t\t\t\t<\/div>\n\t\t\t\t\t\t<\/div>\n\t\t\t\t\t<\/div>\n\t\t\t\t<\/div>\n\n\t\t\t<div\n\t\t\t\tclass=\"sow-accordion-panel-content\"\n\t\t\t\trole=\"region\"\n\t\t\t\taria-labelledby=\"accordion-label-le-dilemme-du-choix-quel-cours-de-surf-est-fait-pour-moi\"\n\t\t\t\tid=\"accordion-content-le-dilemme-du-choix-quel-cours-de-surf-est-fait-pour-moi\"\n\t\t\t\tstyle=\"display: none;\"\t\t\t>\n\t\t\t\t<div class=\"sow-accordion-panel-border\">\n\t\t\t\t\t<p>Nous proposons essentiellement 3 formats diff\u00e9rents :<\/p>\n<ul>\n<li>Cours intensif : 2 sessions de surf par jour<\/li>\n<li>Cours de base : 1 session de surf par jour<\/li>\n<li>Coaching priv\u00e9 : individuel<\/li>\n<\/ul>\n<p>Quel format vous convient le mieux d\u00e9pend de votre motivation et de vos objectifs en mati\u00e8re de surf, mais aussi de la fa\u00e7on dont vous envisagez vos vacances. Voici quelques indications pour vous aider \u00e0 faire votre choix :<\/p>\n<p>Si vous souhaitez simplement \"essayer\" le surf pour d\u00e9couvrir si ce sport est fait pour vous ou ajouter une touche active \u00e0 vos vacances, le cours de base de 3 jours est probablement la meilleure option. En revanche, si votre objectif est de devenir le prochain Keanu Reeves dans <em>Point Break<\/em> ou la future Stephanie Gilmore, optez pour le cours intensif de 5 jours.<\/p>\n<p>Pour ceux qui recherchent un <strong>\u00e9quilibre entre activit\u00e9 physique dans l'eau et moments de d\u00e9tente ou autres activit\u00e9s<\/strong>, le <strong>cours de base<\/strong> est id\u00e9al. C'est le format parfait pour une <strong>surf-life balance<\/strong>. Vous aurez suffisamment de temps et d'\u00e9nergie pour explorer Cap Ferret ou les environs apr\u00e8s vos sessions.<\/p>\n<p>Les <strong>cours intensifs<\/strong> s'adressent \u00e0 ceux qui souhaitent consacrer leur s\u00e9jour au surf. Avec beaucoup de temps pass\u00e9 dans l'eau, vous progresserez rapidement gr\u00e2ce \u00e0 des sessions intensives et au feedback constructif de nos moniteurs. Ici, le mot d'ordre est plut\u00f4t <strong>Surf-Life<\/strong>. Bien que le cours soit exigeant, c'est en surfant r\u00e9guli\u00e8rement que l'on apprend le mieux.<\/p>\n<p>Le surf est un sport exigeant, \u00e0 la fois physiquement et mentalement, qui ne s'apprend pas en un jour. Les progr\u00e8s varient d'une personne \u00e0 l'autre. <strong>Mais, avant tout, le surf doit rester un plaisir !<\/strong> Le meilleur surfeur est celui qui a le sourire le plus large. Vous pouvez atteindre ce bonheur dans tous nos formats. R\u00e9fl\u00e9chissez simplement \u00e0 vos envies et \u00e0 vos objectifs, et <strong>choisissez le cours qui VOUS correspond le mieux<\/strong>. Si vous h\u00e9sitez, envoyez-nous un e-mail et nous serons ravis de vous aider \u00e0 faire le bon choix.<\/p>\n<p>Si vous participez seul \u00e0 un cours, vous trouverez facilement des compagnons partageant la m\u00eame passion. Et si vous \u00eates accompagn\u00e9(e) de proches qui ne surfent pas \u2013 qu'ils aient deux ou quatre pattes \u2013 ils sont les bienvenus pour vous rejoindre sur la plage. Chez nous, tout le monde est le bienvenu !<\/p>\n\t\t\t\t<\/div>\n\t\t\t<\/div>\n\t\t<\/div>\n\t\t<\/div>\n<\/div>\n<\/div><\/div><div id=\"panel-6716-0-0-2\" class=\"so-panel widget widget_the-editor\" data-index=\"2\" ><div\n\t\t\t\n\t\t\tclass=\"so-widget-the-editor so-widget-the-editor-base\"\n\t\t\t\n\t\t><div class=\"text-widget \">\n\t<h2>Camping - Sandaya Truc Vert<\/h2>\n<\/div>\n<\/div><\/div><div id=\"panel-6716-0-0-3\" class=\"so-panel widget widget_sow-accordion\" data-index=\"3\" ><div\n\t\t\t\n\t\t\tclass=\"so-widget-sow-accordion so-widget-sow-accordion-default-9aa0b1349097-6716\"\n\t\t\t\n\t\t><div>\n\t<div class=\"sow-accordion\">\n\t\t\t<div class=\"sow-accordion-panel\"\n\t\t\t data-anchor-id=\"comment-reserver-un-emplacement-au-camping\">\n\t\t\t\t<div class=\"sow-accordion-panel-header-container\" role=\"heading\" aria-level=\"2\">\n\t\t\t\t\t<div class=\"sow-accordion-panel-header\" tabindex=\"0\" role=\"button\" id=\"accordion-label-comment-r%c3%a9server-un-emplacement-au-camping\" aria-controls=\"accordion-content-comment-r%c3%a9server-un-emplacement-au-camping\" aria-expanded=\"false\">\n\t\t\t\t\t\t<div class=\"sow-accordion-title sow-accordion-title-icon-left\">\n\t\t\t\t\t\t\t\t\t\t\t\t\t\tComment r\u00e9server un emplacement au camping?\t\t\t\t\t\t\t\t\t\t\t\t\t<\/div>\n\t\t\t\t\t\t<div class=\"sow-accordion-open-close-button\">\n\t\t\t\t\t\t\t<div class=\"sow-accordion-open-button\">\n\t\t\t\t\t\t\t\t<span class=\"sow-icon-ionicons\" data-sow-icon=\"&#xf218;\"\n\t\t \n\t\taria-hidden=\"true\"><\/span>\t\t\t\t\t\t\t<\/div>\n\t\t\t\t\t\t\t<div class=\"sow-accordion-close-button\">\n\t\t\t\t\t\t\t\t<span class=\"sow-icon-ionicons\" data-sow-icon=\"&#xf209;\"\n\t\t \n\t\taria-hidden=\"true\"><\/span>\t\t\t\t\t\t\t<\/div>\n\t\t\t\t\t\t<\/div>\n\t\t\t\t\t<\/div>\n\t\t\t\t<\/div>\n\n\t\t\t<div\n\t\t\t\tclass=\"sow-accordion-panel-content\"\n\t\t\t\trole=\"region\"\n\t\t\t\taria-labelledby=\"accordion-label-comment-r%c3%a9server-un-emplacement-au-camping\"\n\t\t\t\tid=\"accordion-content-comment-r%c3%a9server-un-emplacement-au-camping\"\n\t\t\t\tstyle=\"display: none;\"\t\t\t>\n\t\t\t\t<div class=\"sow-accordion-panel-border\">\n\t\t\t\t\t<a href=\"https:\/\/www.sandaya.fr\/nos-campings\/le-truc-vert\">https:\/\/www.sandaya.fr\/nos-campings\/le-truc-vert<\/a>\n\nEn suivant ce lien, vous pouvez effectuer votre r\u00e9servation. Lors de votre r\u00e9servation, n'h\u00e9sitez pas \u00e0 indiquer que vous venez via Backwash. Merci !\t\t\t\t<\/div>\n\t\t\t<\/div>\n\t\t<\/div>\n\t\t<\/div>\n<\/div>\n<\/div><\/div><div id=\"panel-6716-0-0-4\" class=\"so-panel widget widget_the-editor\" data-index=\"4\" ><div\n\t\t\t\n\t\t\tclass=\"so-widget-the-editor so-widget-the-editor-base\"\n\t\t\t\n\t\t><div class=\"text-widget \">\n\t<h2>Options de transport<\/h2>\n<\/div>\n<\/div><\/div><div id=\"panel-6716-0-0-5\" class=\"so-panel widget widget_sow-accordion\" data-index=\"5\" ><div\n\t\t\t\n\t\t\tclass=\"so-widget-sow-accordion so-widget-sow-accordion-default-9aa0b1349097-6716\"\n\t\t\t\n\t\t><div>\n\t<div class=\"sow-accordion\">\n\t\t\t<div class=\"sow-accordion-panel\"\n\t\t\t data-anchor-id=\"quelles-compagnies-aeriennes-desservent-bordeaux\">\n\t\t\t\t<div class=\"sow-accordion-panel-header-container\" role=\"heading\" aria-level=\"2\">\n\t\t\t\t\t<div class=\"sow-accordion-panel-header\" tabindex=\"0\" role=\"button\" id=\"accordion-label-quelles-compagnies-a%c3%a9riennes-desservent-bordeaux\" aria-controls=\"accordion-content-quelles-compagnies-a%c3%a9riennes-desservent-bordeaux\" aria-expanded=\"false\">\n\t\t\t\t\t\t<div class=\"sow-accordion-title sow-accordion-title-icon-left\">\n\t\t\t\t\t\t\t\t\t\t\t\t\t\tQuelles compagnies a\u00e9riennes desservent Bordeaux?\t\t\t\t\t\t\t\t\t\t\t\t\t<\/div>\n\t\t\t\t\t\t<div class=\"sow-accordion-open-close-button\">\n\t\t\t\t\t\t\t<div class=\"sow-accordion-open-button\">\n\t\t\t\t\t\t\t\t<span class=\"sow-icon-ionicons\" data-sow-icon=\"&#xf218;\"\n\t\t \n\t\taria-hidden=\"true\"><\/span>\t\t\t\t\t\t\t<\/div>\n\t\t\t\t\t\t\t<div class=\"sow-accordion-close-button\">\n\t\t\t\t\t\t\t\t<span class=\"sow-icon-ionicons\" data-sow-icon=\"&#xf209;\"\n\t\t \n\t\taria-hidden=\"true\"><\/span>\t\t\t\t\t\t\t<\/div>\n\t\t\t\t\t\t<\/div>\n\t\t\t\t\t<\/div>\n\t\t\t\t<\/div>\n\n\t\t\t<div\n\t\t\t\tclass=\"sow-accordion-panel-content\"\n\t\t\t\trole=\"region\"\n\t\t\t\taria-labelledby=\"accordion-label-quelles-compagnies-a%c3%a9riennes-desservent-bordeaux\"\n\t\t\t\tid=\"accordion-content-quelles-compagnies-a%c3%a9riennes-desservent-bordeaux\"\n\t\t\t\tstyle=\"display: none;\"\t\t\t>\n\t\t\t\t<div class=\"sow-accordion-panel-border\">\n\t\t\t\t\t<p>Cela d\u00e9pend bien s\u00fbr de votre a\u00e9roport de d\u00e9part.<br \/>\nDepuis B\u00e2le : <a href=\"https:\/\/www.easyjet.com\/de\/\" target=\"_blank\" rel=\"noopener\">EASYJET<\/a><br \/>\nDepuis Munich : <a href=\"https:\/\/www.volotea.com\/de\/\" target=\"_blank\" rel=\"noopener\">VOLOTEA<\/a><br \/>\nDepuis Cologne : <a href=\"https:\/\/www.ryanair.com\/flights\/de\/de\/fluege-von-koln-nach-bordeaux\" target=\"_blank\" rel=\"noopener\">RYANAIR<\/a><br \/>\nDepuis Berlin : <a href=\"https:\/\/www.easyjet.com\/de\/\" target=\"_blank\" rel=\"noopener\">EASYJET<\/a><br \/>\nDepuis Hambourg : <a href=\"https:\/\/www.easyjet.com\/de\/\" target=\"_blank\" rel=\"noopener\">EASYJET<\/a><\/p>\n<p>D'autres compagnies a\u00e9riennes, comme <a href=\"https:\/\/www.klm.de\" target=\"_blank\" rel=\"noopener\">KLM<\/a> ou <a href=\"https:\/\/wwws.airfrance.de\" target=\"_blank\" rel=\"noopener\">AIR FRANCE<\/a>, proposent \u00e9galement des vols, mais rarement directs.<\/p>\n<p>Veuillez pr\u00eater attention aux conditions sp\u00e9cifiques de chaque compagnie a\u00e9rienne, notamment en ce qui concerne les bagages.<\/p>\n<p>Comment rejoindre le Cap depuis l\u2019a\u00e9roport ? Vous trouverez les informations ci-dessous !<\/p>\n\t\t\t\t<\/div>\n\t\t\t<\/div>\n\t\t<\/div>\n\t\t\t<div class=\"sow-accordion-panel\"\n\t\t\t data-anchor-id=\"comment-venir-en-bus-longue-distance\">\n\t\t\t\t<div class=\"sow-accordion-panel-header-container\" role=\"heading\" aria-level=\"2\">\n\t\t\t\t\t<div class=\"sow-accordion-panel-header\" tabindex=\"0\" role=\"button\" id=\"accordion-label-comment-venir-en-bus-longue-distance\" aria-controls=\"accordion-content-comment-venir-en-bus-longue-distance\" aria-expanded=\"false\">\n\t\t\t\t\t\t<div class=\"sow-accordion-title sow-accordion-title-icon-left\">\n\t\t\t\t\t\t\t\t\t\t\t\t\t\tComment venir en bus longue distance ?\t\t\t\t\t\t\t\t\t\t\t\t\t<\/div>\n\t\t\t\t\t\t<div class=\"sow-accordion-open-close-button\">\n\t\t\t\t\t\t\t<div class=\"sow-accordion-open-button\">\n\t\t\t\t\t\t\t\t<span class=\"sow-icon-ionicons\" data-sow-icon=\"&#xf218;\"\n\t\t \n\t\taria-hidden=\"true\"><\/span>\t\t\t\t\t\t\t<\/div>\n\t\t\t\t\t\t\t<div class=\"sow-accordion-close-button\">\n\t\t\t\t\t\t\t\t<span class=\"sow-icon-ionicons\" data-sow-icon=\"&#xf209;\"\n\t\t \n\t\taria-hidden=\"true\"><\/span>\t\t\t\t\t\t\t<\/div>\n\t\t\t\t\t\t<\/div>\n\t\t\t\t\t<\/div>\n\t\t\t\t<\/div>\n\n\t\t\t<div\n\t\t\t\tclass=\"sow-accordion-panel-content\"\n\t\t\t\trole=\"region\"\n\t\t\t\taria-labelledby=\"accordion-label-comment-venir-en-bus-longue-distance\"\n\t\t\t\tid=\"accordion-content-comment-venir-en-bus-longue-distance\"\n\t\t\t\tstyle=\"display: none;\"\t\t\t>\n\t\t\t\t<div class=\"sow-accordion-panel-border\">\n\t\t\t\t\t<p>Depuis de nombreuses r\u00e9gions d'Allemagne, vous pouvez voyager \u00e0 moindre co\u00fbt en bus longue distance.<\/p>\n<p>Jetez un \u0153il sur <a href=\"https:\/\/www.eurolines.de\/de\/startseite\/\" target=\"_blank\" rel=\"noopener\">EUROLINES<\/a> et <a href=\"https:\/\/www.flixbus.de\/\" target=\"_blank\" rel=\"noopener\">Flixbus<\/a><\/p>\n<p>Comment rejoindre le Cap depuis Bordeaux ? Les informations sont ci-dessous !<\/p>\n\t\t\t\t<\/div>\n\t\t\t<\/div>\n\t\t<\/div>\n\t\t\t<div class=\"sow-accordion-panel\"\n\t\t\t data-anchor-id=\"comment-se-rendre-a-bordeaux-en-train\">\n\t\t\t\t<div class=\"sow-accordion-panel-header-container\" role=\"heading\" aria-level=\"2\">\n\t\t\t\t\t<div class=\"sow-accordion-panel-header\" tabindex=\"0\" role=\"button\" id=\"accordion-label-comment-se-rendre-%c3%a0-bordeaux-en-train\" aria-controls=\"accordion-content-comment-se-rendre-%c3%a0-bordeaux-en-train\" aria-expanded=\"false\">\n\t\t\t\t\t\t<div class=\"sow-accordion-title sow-accordion-title-icon-left\">\n\t\t\t\t\t\t\t\t\t\t\t\t\t\tComment se rendre \u00e0 Bordeaux en train?\t\t\t\t\t\t\t\t\t\t\t\t\t<\/div>\n\t\t\t\t\t\t<div class=\"sow-accordion-open-close-button\">\n\t\t\t\t\t\t\t<div class=\"sow-accordion-open-button\">\n\t\t\t\t\t\t\t\t<span class=\"sow-icon-ionicons\" data-sow-icon=\"&#xf218;\"\n\t\t \n\t\taria-hidden=\"true\"><\/span>\t\t\t\t\t\t\t<\/div>\n\t\t\t\t\t\t\t<div class=\"sow-accordion-close-button\">\n\t\t\t\t\t\t\t\t<span class=\"sow-icon-ionicons\" data-sow-icon=\"&#xf209;\"\n\t\t \n\t\taria-hidden=\"true\"><\/span>\t\t\t\t\t\t\t<\/div>\n\t\t\t\t\t\t<\/div>\n\t\t\t\t\t<\/div>\n\t\t\t\t<\/div>\n\n\t\t\t<div\n\t\t\t\tclass=\"sow-accordion-panel-content\"\n\t\t\t\trole=\"region\"\n\t\t\t\taria-labelledby=\"accordion-label-comment-se-rendre-%c3%a0-bordeaux-en-train\"\n\t\t\t\tid=\"accordion-content-comment-se-rendre-%c3%a0-bordeaux-en-train\"\n\t\t\t\tstyle=\"display: none;\"\t\t\t>\n\t\t\t\t<div class=\"sow-accordion-panel-border\">\n\t\t\t\t\t<p>Le r\u00e9seau de trains \u00e0 grande vitesse fran\u00e7ais est tr\u00e8s bien d\u00e9velopp\u00e9. Le TGV vous emm\u00e8ne directement \u00e0 Bordeaux Gare Saint-Jean.<\/p>\n<p>Vous pouvez consulter les horaires et r\u00e9server vos billets sur le site de la <a href=\"https:\/\/www.sncf.com\/de\" target=\"_blank\" rel=\"noopener\">SNCF<\/a>.<\/p>\n<p>Si vous passez par Paris, pr\u00e9voyez un peu de temps pour changer de train, car il est possible que vous deviez changer de gare.<\/p>\n<p>Comment rejoindre notre destination depuis la gare de Bordeaux ? Les informations sont ci-dessous !<\/p>\n\t\t\t\t<\/div>\n\t\t\t<\/div>\n\t\t<\/div>\n\t\t\t<div class=\"sow-accordion-panel\"\n\t\t\t data-anchor-id=\"puis-je-venir-avec-ma-propre-voiture\">\n\t\t\t\t<div class=\"sow-accordion-panel-header-container\" role=\"heading\" aria-level=\"2\">\n\t\t\t\t\t<div class=\"sow-accordion-panel-header\" tabindex=\"0\" role=\"button\" id=\"accordion-label-puis-je-venir-avec-ma-propre-voiture\" aria-controls=\"accordion-content-puis-je-venir-avec-ma-propre-voiture\" aria-expanded=\"false\">\n\t\t\t\t\t\t<div class=\"sow-accordion-title sow-accordion-title-icon-left\">\n\t\t\t\t\t\t\t\t\t\t\t\t\t\tPuis-je venir avec ma propre voiture ?\t\t\t\t\t\t\t\t\t\t\t\t\t<\/div>\n\t\t\t\t\t\t<div class=\"sow-accordion-open-close-button\">\n\t\t\t\t\t\t\t<div class=\"sow-accordion-open-button\">\n\t\t\t\t\t\t\t\t<span class=\"sow-icon-ionicons\" data-sow-icon=\"&#xf218;\"\n\t\t \n\t\taria-hidden=\"true\"><\/span>\t\t\t\t\t\t\t<\/div>\n\t\t\t\t\t\t\t<div class=\"sow-accordion-close-button\">\n\t\t\t\t\t\t\t\t<span class=\"sow-icon-ionicons\" data-sow-icon=\"&#xf209;\"\n\t\t \n\t\taria-hidden=\"true\"><\/span>\t\t\t\t\t\t\t<\/div>\n\t\t\t\t\t\t<\/div>\n\t\t\t\t\t<\/div>\n\t\t\t\t<\/div>\n\n\t\t\t<div\n\t\t\t\tclass=\"sow-accordion-panel-content\"\n\t\t\t\trole=\"region\"\n\t\t\t\taria-labelledby=\"accordion-label-puis-je-venir-avec-ma-propre-voiture\"\n\t\t\t\tid=\"accordion-content-puis-je-venir-avec-ma-propre-voiture\"\n\t\t\t\tstyle=\"display: none;\"\t\t\t>\n\t\t\t\t<div class=\"sow-accordion-panel-border\">\n\t\t\t\t\t<p>Bien s\u00fbr ! Allumez le GPS et direction directement au <a href=\"https:\/\/www.google.com\/maps\/place\/Backwash+Surfcamp\/@44.715353,-1.241996,15z\/data=!4m5!3m4!1s0x0:0xf0a09eb612c84b98!8m2!3d44.715353!4d-1.241996\" target=\"_blank\" rel=\"noopener\">camping<\/a>.<\/p>\n<p>Pour ceux qui n'ont jamais \u00e9t\u00e9 en France : les autoroutes fran\u00e7aises sont payantes (P\u00e9age). Vous payez directement \u00e0 l'entr\u00e9e des autoroutes. Il n'y a pas besoin de vignette comme en Autriche ou en Suisse. Pr\u00e9parez donc votre carte bancaire ou de l'argent liquide.<\/p>\n<p>Lorsque vous arrivez au camping \"Le Truc Vert\", veuillez vous enregistrer \u00e0 la r\u00e9ception du camping et indiquez que vous souhaitez rejoindre notre groupe.<\/p>\n\t\t\t\t<\/div>\n\t\t\t<\/div>\n\t\t<\/div>\n\t\t<\/div>\n<\/div>\n<\/div><\/div><div id=\"panel-6716-0-0-6\" class=\"so-panel widget widget_sow-accordion\" data-index=\"6\" ><div\n\t\t\t\n\t\t\tclass=\"so-widget-sow-accordion so-widget-sow-accordion-default-9aa0b1349097-6716\"\n\t\t\t\n\t\t><div>\n\t<div class=\"sow-accordion\">\n\t\t\t<div class=\"sow-accordion-panel\"\n\t\t\t data-anchor-id=\"comment-puis-je-me-rendre-de-bordeaux-gare-aeroport-au-camping-a-cap-ferret\">\n\t\t\t\t<div class=\"sow-accordion-panel-header-container\" role=\"heading\" aria-level=\"2\">\n\t\t\t\t\t<div class=\"sow-accordion-panel-header\" tabindex=\"0\" role=\"button\" id=\"accordion-label-comment-puis-je-me-rendre-de-bordeaux-garea%c3%a9roport-au-camping-%c3%a0-cap-ferret\" aria-controls=\"accordion-content-comment-puis-je-me-rendre-de-bordeaux-garea%c3%a9roport-au-camping-%c3%a0-cap-ferret\" aria-expanded=\"false\">\n\t\t\t\t\t\t<div class=\"sow-accordion-title sow-accordion-title-icon-left\">\n\t\t\t\t\t\t\t\t\t\t\t\t\t\tComment puis-je me rendre de Bordeaux (Gare\/A\u00e9roport) au camping \u00e0 Cap Ferret ?\t\t\t\t\t\t\t\t\t\t\t\t\t<\/div>\n\t\t\t\t\t\t<div class=\"sow-accordion-open-close-button\">\n\t\t\t\t\t\t\t<div class=\"sow-accordion-open-button\">\n\t\t\t\t\t\t\t\t<span class=\"sow-icon-ionicons\" data-sow-icon=\"&#xf218;\"\n\t\t \n\t\taria-hidden=\"true\"><\/span>\t\t\t\t\t\t\t<\/div>\n\t\t\t\t\t\t\t<div class=\"sow-accordion-close-button\">\n\t\t\t\t\t\t\t\t<span class=\"sow-icon-ionicons\" data-sow-icon=\"&#xf209;\"\n\t\t \n\t\taria-hidden=\"true\"><\/span>\t\t\t\t\t\t\t<\/div>\n\t\t\t\t\t\t<\/div>\n\t\t\t\t\t<\/div>\n\t\t\t\t<\/div>\n\n\t\t\t<div\n\t\t\t\tclass=\"sow-accordion-panel-content\"\n\t\t\t\trole=\"region\"\n\t\t\t\taria-labelledby=\"accordion-label-comment-puis-je-me-rendre-de-bordeaux-garea%c3%a9roport-au-camping-%c3%a0-cap-ferret\"\n\t\t\t\tid=\"accordion-content-comment-puis-je-me-rendre-de-bordeaux-garea%c3%a9roport-au-camping-%c3%a0-cap-ferret\"\n\t\t\t\tstyle=\"display: none;\"\t\t\t>\n\t\t\t\t<div class=\"sow-accordion-panel-border\">\n\t\t\t\t\t<p><strong>Depuis la Gare de Bordeaux (Gare Saint Jean)<\/strong><\/p>\n<ul>\n<li>En bus : Ligne directe de la gare avec la ligne 601 vers L\u00e8ge Cap Ferret, arr\u00eat : Petit Piquey - Dur\u00e9e environ 2h ; <a href=\"https:\/\/transports.nouvelle-aquitaine.fr\/modalis?product=schedule-map\" target=\"_blank\" rel=\"noopener\">Horaires<\/a><\/li>\n<li>En train\/ferry : Train de Bordeaux \u00e0 Arcachon (<a href=\"https:\/\/de.oui.sncf\/de\/\" target=\"_blank\" rel=\"noopener\">SNCF<\/a>) - environ 1h, puis \u00e0 pied jusqu\u2019au ferry <a href=\"https:\/\/www.bateliers-arcachon.com\" target=\"_blank\" rel=\"noopener\">(Horaires<\/a>) de Arcachon \u00e0 Cap Ferret (port de B\u00e9lisaire ou Le Canon) - Dur\u00e9e selon les attentes, minimum 2h<\/li>\n<\/ul>\n<p><strong>Depuis l'A\u00e9roport de Bordeaux Merignac<\/strong><\/p>\n<ol>\n<li>En bus : Remarque - nous recommandons l'application \"moovit\" pour l'aide<\/li>\n<\/ol>\n<p style=\"padding-left: 40px;\">Prenez le bus n\u00b039 (direction Pessac Photonique), d\u00e9part devant l'a\u00e9roport, 3 arr\u00eats jusqu'\u00e0 l'arr\u00eat \"Lucassot\", puis court trajet \u00e0 pied (aide via Moovit\/Google Maps) jusqu'\u00e0 l'arr\u00eat \"Merignac La Grave\", \u00e0 partir de l\u00e0, prenez le bus 601 (direction L\u00e8ge Cap Ferret), arr\u00eat Petit Piquey - Dur\u00e9e environ 1,5h<\/p>\n<p style=\"text-align: left; padding-left: 40px;\">L'arr\u00eat Merignac La Grave n'a pas d'abri. Veuillez signaler votre pr\u00e9sence lorsque le bus arrive. L'acceptation de la planche de surf d\u00e9pend du conducteur du bus.<\/p>\n<p style=\"padding-left: 40px;\">ou<\/p>\n<p style=\"padding-left: 40px;\"><em>Avec une bonne connexion : \u00ab M\u00e9rignac Chemin Long \u00bb<\/em> Traversez la petite rue. L'arr\u00eat de bus est tr\u00e8s petit. Faites-vous bien remarquer pour ne pas que le bus passe sans s'arr\u00eater !<\/p>\n<p style=\"padding-left: 40px;\"><em>Attention : L'arr\u00eat Merignac Soleil est actuellement hors service ! Veuillez soit continuer vers Bordeaux si vous avez un tr\u00e8s long s\u00e9jour, soit vous diriger vers l'arr\u00eat \"Merignac La Grave\" !<\/em><\/p>\n<p>En <a href=\"https:\/\/www.bordeaux.aeroport.fr\/acces-transports\/taxis\" target=\"_blank\" rel=\"noopener\">Taxi<\/a> - Dur\u00e9e environ 50 minutes.<\/p>\n\t\t\t\t<\/div>\n\t\t\t<\/div>\n\t\t<\/div>\n\t\t\t<div class=\"sow-accordion-panel\"\n\t\t\t data-anchor-id=\"je-suis-en-vacances-au-camping-sur-la-presquile-puis-je-prendre-un-cours-chez-vous-ou-louer-une-planche-de-surf\">\n\t\t\t\t<div class=\"sow-accordion-panel-header-container\" role=\"heading\" aria-level=\"2\">\n\t\t\t\t\t<div class=\"sow-accordion-panel-header\" tabindex=\"0\" role=\"button\" id=\"accordion-label-je-suis-en-vacances-au-camping-sur-la-presqu%c3%aele-puis-je-prendre-un-cours-chez-vous-ou-louer-une-planche-de-surf\" aria-controls=\"accordion-content-je-suis-en-vacances-au-camping-sur-la-presqu%c3%aele-puis-je-prendre-un-cours-chez-vous-ou-louer-une-planche-de-surf\" aria-expanded=\"false\">\n\t\t\t\t\t\t<div class=\"sow-accordion-title sow-accordion-title-icon-left\">\n\t\t\t\t\t\t\t\t\t\t\t\t\t\tJe suis en vacances au camping\/ sur la presqu'\u00eele - Puis-je prendre un cours chez vous ou louer une planche de surf?\t\t\t\t\t\t\t\t\t\t\t\t\t<\/div>\n\t\t\t\t\t\t<div class=\"sow-accordion-open-close-button\">\n\t\t\t\t\t\t\t<div class=\"sow-accordion-open-button\">\n\t\t\t\t\t\t\t\t<span class=\"sow-icon-ionicons\" data-sow-icon=\"&#xf218;\"\n\t\t \n\t\taria-hidden=\"true\"><\/span>\t\t\t\t\t\t\t<\/div>\n\t\t\t\t\t\t\t<div class=\"sow-accordion-close-button\">\n\t\t\t\t\t\t\t\t<span class=\"sow-icon-ionicons\" data-sow-icon=\"&#xf209;\"\n\t\t \n\t\taria-hidden=\"true\"><\/span>\t\t\t\t\t\t\t<\/div>\n\t\t\t\t\t\t<\/div>\n\t\t\t\t\t<\/div>\n\t\t\t\t<\/div>\n\n\t\t\t<div\n\t\t\t\tclass=\"sow-accordion-panel-content\"\n\t\t\t\trole=\"region\"\n\t\t\t\taria-labelledby=\"accordion-label-je-suis-en-vacances-au-camping-sur-la-presqu%c3%aele-puis-je-prendre-un-cours-chez-vous-ou-louer-une-planche-de-surf\"\n\t\t\t\tid=\"accordion-content-je-suis-en-vacances-au-camping-sur-la-presqu%c3%aele-puis-je-prendre-un-cours-chez-vous-ou-louer-une-planche-de-surf\"\n\t\t\t\tstyle=\"display: none;\"\t\t\t>\n\t\t\t\t<div class=\"sow-accordion-panel-border\">\n\t\t\t\t\t<p>Avec plaisir. Tu peux r\u00e9server ta place au camping ici : <a href=\"https:\/\/www.sandaya.fr\/nos-campings\/le-truc-vert\">https:\/\/www.sandaya.fr\/nos-campings\/le-truc-vert<\/a><\/p>\n<p>Tu peux r\u00e9server un cours de surf chez nous en ligne sur notre site web.<\/p>\n<p>Si tu souhaites louer du mat\u00e9riel comme une planche de surf, une combinaison en n\u00e9opr\u00e8ne ou autre, envoie-nous simplement un e-mail ou appelle-nous.\"<\/p>\n\t\t\t\t<\/div>\n\t\t\t<\/div>\n\t\t<\/div>\n\t\t\t<div class=\"sow-accordion-panel\"\n\t\t\t data-anchor-id=\"puis-je-venir-chez-vous-avec-un-groupe-association-universite-etc\">\n\t\t\t\t<div class=\"sow-accordion-panel-header-container\" role=\"heading\" aria-level=\"2\">\n\t\t\t\t\t<div class=\"sow-accordion-panel-header\" tabindex=\"0\" role=\"button\" id=\"accordion-label-puis-je-venir-chez-vous-avec-un-groupe-association-universit%c3%a9-etc\" aria-controls=\"accordion-content-puis-je-venir-chez-vous-avec-un-groupe-association-universit%c3%a9-etc\" aria-expanded=\"false\">\n\t\t\t\t\t\t<div class=\"sow-accordion-title sow-accordion-title-icon-left\">\n\t\t\t\t\t\t\t\t\t\t\t\t\t\tPuis-je venir chez vous avec un groupe (association, universit\u00e9, etc.)?\t\t\t\t\t\t\t\t\t\t\t\t\t<\/div>\n\t\t\t\t\t\t<div class=\"sow-accordion-open-close-button\">\n\t\t\t\t\t\t\t<div class=\"sow-accordion-open-button\">\n\t\t\t\t\t\t\t\t<span class=\"sow-icon-ionicons\" data-sow-icon=\"&#xf218;\"\n\t\t \n\t\taria-hidden=\"true\"><\/span>\t\t\t\t\t\t\t<\/div>\n\t\t\t\t\t\t\t<div class=\"sow-accordion-close-button\">\n\t\t\t\t\t\t\t\t<span class=\"sow-icon-ionicons\" data-sow-icon=\"&#xf209;\"\n\t\t \n\t\taria-hidden=\"true\"><\/span>\t\t\t\t\t\t\t<\/div>\n\t\t\t\t\t\t<\/div>\n\t\t\t\t\t<\/div>\n\t\t\t\t<\/div>\n\n\t\t\t<div\n\t\t\t\tclass=\"sow-accordion-panel-content\"\n\t\t\t\trole=\"region\"\n\t\t\t\taria-labelledby=\"accordion-label-puis-je-venir-chez-vous-avec-un-groupe-association-universit%c3%a9-etc\"\n\t\t\t\tid=\"accordion-content-puis-je-venir-chez-vous-avec-un-groupe-association-universit%c3%a9-etc\"\n\t\t\t\tstyle=\"display: none;\"\t\t\t>\n\t\t\t\t<div class=\"sow-accordion-panel-border\">\n\t\t\t\t\tLes groupes peuvent \u00e9galement faire des cours de surf ou louer du mat\u00e9riel chez nous. Nous n'offrons pas de camp de surf avec h\u00e9bergement et restauration, mais nous pouvons vous aider \u00e0 r\u00e9server un h\u00e9bergement. Vous pouvez nous contacter ici : <a href=\"https:\/\/www.backwash-surfcamp.de\/kontakt\/\">CONTACT<\/a>\t\t\t\t<\/div>\n\t\t\t<\/div>\n\t\t<\/div>\n\t\t<\/div>\n<\/div>\n<\/div><\/div><div id=\"panel-6716-0-0-7\" class=\"so-panel widget widget_the-editor\" data-index=\"7\" ><div\n\t\t\t\n\t\t\tclass=\"so-widget-the-editor so-widget-the-editor-base\"\n\t\t\t\n\t\t><div class=\"text-widget \">\n\t<h2>D\u00c9COUVRIR<\/h2>\n<\/div>\n<\/div><\/div><div id=\"panel-6716-0-0-8\" class=\"so-panel widget widget_sow-accordion panel-last-child\" data-index=\"8\" ><div\n\t\t\t\n\t\t\tclass=\"so-widget-sow-accordion so-widget-sow-accordion-default-9aa0b1349097-6716\"\n\t\t\t\n\t\t><div>\n\t<div class=\"sow-accordion\">\n\t\t\t<div class=\"sow-accordion-panel\"\n\t\t\t data-anchor-id=\"quoi-dautre-se-passe-a-cap-ferret\">\n\t\t\t\t<div class=\"sow-accordion-panel-header-container\" role=\"heading\" aria-level=\"2\">\n\t\t\t\t\t<div class=\"sow-accordion-panel-header\" tabindex=\"0\" role=\"button\" id=\"accordion-label-quoi-dautre-se-passe-%c3%a0-cap-ferret\" aria-controls=\"accordion-content-quoi-dautre-se-passe-%c3%a0-cap-ferret\" aria-expanded=\"false\">\n\t\t\t\t\t\t<div class=\"sow-accordion-title sow-accordion-title-icon-left\">\n\t\t\t\t\t\t\t\t\t\t\t\t\t\tQuoi d'autre se passe \u00e0 Cap Ferret?\t\t\t\t\t\t\t\t\t\t\t\t\t<\/div>\n\t\t\t\t\t\t<div class=\"sow-accordion-open-close-button\">\n\t\t\t\t\t\t\t<div class=\"sow-accordion-open-button\">\n\t\t\t\t\t\t\t\t<span class=\"sow-icon-ionicons\" data-sow-icon=\"&#xf218;\"\n\t\t \n\t\taria-hidden=\"true\"><\/span>\t\t\t\t\t\t\t<\/div>\n\t\t\t\t\t\t\t<div class=\"sow-accordion-close-button\">\n\t\t\t\t\t\t\t\t<span class=\"sow-icon-ionicons\" data-sow-icon=\"&#xf209;\"\n\t\t \n\t\taria-hidden=\"true\"><\/span>\t\t\t\t\t\t\t<\/div>\n\t\t\t\t\t\t<\/div>\n\t\t\t\t\t<\/div>\n\t\t\t\t<\/div>\n\n\t\t\t<div\n\t\t\t\tclass=\"sow-accordion-panel-content\"\n\t\t\t\trole=\"region\"\n\t\t\t\taria-labelledby=\"accordion-label-quoi-dautre-se-passe-%c3%a0-cap-ferret\"\n\t\t\t\tid=\"accordion-content-quoi-dautre-se-passe-%c3%a0-cap-ferret\"\n\t\t\t\tstyle=\"display: none;\"\t\t\t>\n\t\t\t\t<div class=\"sow-accordion-panel-border\">\n\t\t\t\t\tVoici ce que vous pouvez faire : <a href=\"http:\/\/www.ville-lege-capferret.fr\/vivre-a-lege-cap-ferret\/\" target=\"_blank\" rel=\"noopener\">Vivre \u00e0 L\u00e8ge-Cap Ferret<\/a>\t\t\t\t<\/div>\n\t\t\t<\/div>\n\t\t<\/div>\n\t\t\t<div class=\"sow-accordion-panel\"\n\t\t\t data-anchor-id=\"comment-se-rendre-a-arcachon\">\n\t\t\t\t<div class=\"sow-accordion-panel-header-container\" role=\"heading\" aria-level=\"2\">\n\t\t\t\t\t<div class=\"sow-accordion-panel-header\" tabindex=\"0\" role=\"button\" id=\"accordion-label-comment-se-rendre-%c3%a0-arcachon\" aria-controls=\"accordion-content-comment-se-rendre-%c3%a0-arcachon\" aria-expanded=\"false\">\n\t\t\t\t\t\t<div class=\"sow-accordion-title sow-accordion-title-icon-left\">\n\t\t\t\t\t\t\t\t\t\t\t\t\t\tComment se rendre \u00e0 Arcachon?\t\t\t\t\t\t\t\t\t\t\t\t\t<\/div>\n\t\t\t\t\t\t<div class=\"sow-accordion-open-close-button\">\n\t\t\t\t\t\t\t<div class=\"sow-accordion-open-button\">\n\t\t\t\t\t\t\t\t<span class=\"sow-icon-ionicons\" data-sow-icon=\"&#xf218;\"\n\t\t \n\t\taria-hidden=\"true\"><\/span>\t\t\t\t\t\t\t<\/div>\n\t\t\t\t\t\t\t<div class=\"sow-accordion-close-button\">\n\t\t\t\t\t\t\t\t<span class=\"sow-icon-ionicons\" data-sow-icon=\"&#xf209;\"\n\t\t \n\t\taria-hidden=\"true\"><\/span>\t\t\t\t\t\t\t<\/div>\n\t\t\t\t\t\t<\/div>\n\t\t\t\t\t<\/div>\n\t\t\t\t<\/div>\n\n\t\t\t<div\n\t\t\t\tclass=\"sow-accordion-panel-content\"\n\t\t\t\trole=\"region\"\n\t\t\t\taria-labelledby=\"accordion-label-comment-se-rendre-%c3%a0-arcachon\"\n\t\t\t\tid=\"accordion-content-comment-se-rendre-%c3%a0-arcachon\"\n\t\t\t\tstyle=\"display: none;\"\t\t\t>\n\t\t\t\t<div class=\"sow-accordion-panel-border\">\n\t\t\t\t\t<p>Le mieux est de traverser le bassin en bateau.<\/p>\n<p>Les horaires du ferry sont disponibles ici : <a href=\"https:\/\/www.bateliers-arcachon.com\/navettes\/arcachon-cap-ferret\/\" target=\"_blank\" rel=\"noopener\">Ferry Cap Ferret - Arcachon<\/a><\/p>\n\t\t\t\t<\/div>\n\t\t\t<\/div>\n\t\t<\/div>\n\t\t\t<div class=\"sow-accordion-panel\"\n\t\t\t data-anchor-id=\"que-puis-je-faire-au-bassin-darcachon\">\n\t\t\t\t<div class=\"sow-accordion-panel-header-container\" role=\"heading\" aria-level=\"2\">\n\t\t\t\t\t<div class=\"sow-accordion-panel-header\" tabindex=\"0\" role=\"button\" id=\"accordion-label-que-puis-je-faire-au-bassin-darcachon\" aria-controls=\"accordion-content-que-puis-je-faire-au-bassin-darcachon\" aria-expanded=\"false\">\n\t\t\t\t\t\t<div class=\"sow-accordion-title sow-accordion-title-icon-left\">\n\t\t\t\t\t\t\t\t\t\t\t\t\t\tQue puis-je faire au Bassin d'Arcachon?\t\t\t\t\t\t\t\t\t\t\t\t\t<\/div>\n\t\t\t\t\t\t<div class=\"sow-accordion-open-close-button\">\n\t\t\t\t\t\t\t<div class=\"sow-accordion-open-button\">\n\t\t\t\t\t\t\t\t<span class=\"sow-icon-ionicons\" data-sow-icon=\"&#xf218;\"\n\t\t \n\t\taria-hidden=\"true\"><\/span>\t\t\t\t\t\t\t<\/div>\n\t\t\t\t\t\t\t<div class=\"sow-accordion-close-button\">\n\t\t\t\t\t\t\t\t<span class=\"sow-icon-ionicons\" data-sow-icon=\"&#xf209;\"\n\t\t \n\t\taria-hidden=\"true\"><\/span>\t\t\t\t\t\t\t<\/div>\n\t\t\t\t\t\t<\/div>\n\t\t\t\t\t<\/div>\n\t\t\t\t<\/div>\n\n\t\t\t<div\n\t\t\t\tclass=\"sow-accordion-panel-content\"\n\t\t\t\trole=\"region\"\n\t\t\t\taria-labelledby=\"accordion-label-que-puis-je-faire-au-bassin-darcachon\"\n\t\t\t\tid=\"accordion-content-que-puis-je-faire-au-bassin-darcachon\"\n\t\t\t\tstyle=\"display: none;\"\t\t\t>\n\t\t\t\t<div class=\"sow-accordion-panel-border\">\n\t\t\t\t\tAu bassin d'Arcachon, vous pouvez voir les bancs \u00e0 hu\u00eetres, les cabanes sur pilotis et bien d'autres choses encore.\n\nPeut-\u00eatre trouverez-vous quelque chose qui vous int\u00e9resse ici : <a href=\"https:\/\/www.lege-capferret.com\/de\" target=\"_blank\" rel=\"noopener\">Office de tourisme<\/a> et <a href=\"https:\/\/www.bateliers-arcachon.com\/excursions\/\" target=\"_blank\" rel=\"noopener\">Excursion sur le Bassin d'Arcachon<\/a>\t\t\t\t<\/div>\n\t\t\t<\/div>\n\t\t<\/div>\n\t\t<\/div>\n<\/div>\n<\/div><\/div><\/div><\/div><\/div>","protected":false},"excerpt":{"rendered":"<p>Backwash &#8211; Questions fr\u00e9quentes (FAQ) O\u00f9 se trouve Backwash? Nous sommes install\u00e9s depuis environ 20 ans au c\u0153ur du camping Sandaya Le Truc Vert, situ\u00e9 sur la presqu\u2019\u00eele de L\u00e8ge-Cap Ferret. Notre station se trouve \u00e0 peu pr\u00e8s au centre du camping : passez devant le restaurant et le supermarch\u00e9, puis suivez le chemin qui [&hellip;]<\/p>\n","protected":false},"author":1,"featured_media":0,"parent":0,"menu_order":0,"comment_status":"closed","ping_status":"closed","template":"","meta":{"footnotes":""},"class_list":["post-6716","page","type-page","status-publish","hentry"],"_links":{"self":[{"href":"https:\/\/www.backwash-surfcamp.de\/fr\/wp-json\/wp\/v2\/pages\/6716","targetHints":{"allow":["GET"]}}],"collection":[{"href":"https:\/\/www.backwash-surfcamp.de\/fr\/wp-json\/wp\/v2\/pages"}],"about":[{"href":"https:\/\/www.backwash-surfcamp.de\/fr\/wp-json\/wp\/v2\/types\/page"}],"author":[{"embeddable":true,"href":"https:\/\/www.backwash-surfcamp.de\/fr\/wp-json\/wp\/v2\/users\/1"}],"replies":[{"embeddable":true,"href":"https:\/\/www.backwash-surfcamp.de\/fr\/wp-json\/wp\/v2\/comments?post=6716"}],"version-history":[{"count":11,"href":"https:\/\/www.backwash-surfcamp.de\/fr\/wp-json\/wp\/v2\/pages\/6716\/revisions"}],"predecessor-version":[{"id":6816,"href":"https:\/\/www.backwash-surfcamp.de\/fr\/wp-json\/wp\/v2\/pages\/6716\/revisions\/6816"}],"wp:attachment":[{"href":"https:\/\/www.backwash-surfcamp.de\/fr\/wp-json\/wp\/v2\/media?parent=6716"}],"curies":[{"name":"wp","href":"https:\/\/api.w.org\/{rel}","templated":true}]}}